{"id":15,"date":"2026-04-28T11:35:24","date_gmt":"2026-04-28T11:35:24","guid":{"rendered":"http:\/\/test2v4.local\/?page_id=15"},"modified":"2026-05-01T14:35:24","modified_gmt":"2026-05-01T14:35:24","slug":"equipe","status":"publish","type":"page","link":"https:\/\/damien-digital.fr\/_hodeilur\/equipe\/","title":{"rendered":"equipe"},"content":{"rendered":"\t\t<div data-elementor-type=\"wp-page\" data-elementor-id=\"15\" class=\"elementor elementor-15\" data-elementor-post-type=\"page\">\n\t\t\t\t<div class=\"elementor-element elementor-element-d19deb0 e-con-full e-flex e-con e-parent\" data-id=\"d19deb0\" data-element_type=\"container\" data-e-type=\"container\">\n\t\t<div class=\"elementor-element elementor-element-1414c7e e-con-full e-flex e-con e-child\" data-id=\"1414c7e\" data-element_type=\"container\" data-e-type=\"container\" data-settings=\"{&quot;background_background&quot;:&quot;classic&quot;}\">\n\t\t<div class=\"elementor-element elementor-element-0ea66d5 e-flex e-con-boxed e-con e-child\" data-id=\"0ea66d5\" data-element_type=\"container\" data-e-type=\"container\" data-settings=\"{&quot;background_background&quot;:&quot;classic&quot;}\">\n\t\t\t\t\t<div class=\"e-con-inner\">\n\t\t<div class=\"elementor-element elementor-element-561fd78 e-flex e-con-boxed e-con e-child\" data-id=\"561fd78\" data-element_type=\"container\" data-e-type=\"container\">\n\t\t\t\t\t<div class=\"e-con-inner\">\n\t\t\t\t<div class=\"elementor-element elementor-element-9a07aa9 elementor-widget elementor-widget-spacer\" data-id=\"9a07aa9\" data-element_type=\"widget\" data-e-type=\"widget\" data-widget_type=\"spacer.default\">\n\t\t\t\t\t\t\t<div class=\"elementor-spacer\">\n\t\t\t<div class=\"elementor-spacer-inner\"><\/div>\n\t\t<\/div>\n\t\t\t\t\t\t<\/div>\n\t\t\t\t<div class=\"elementor-element elementor-element-d98fcf2 elementor-widget elementor-widget-heading\" data-id=\"d98fcf2\" data-element_type=\"widget\" data-e-type=\"widget\" data-widget_type=\"heading.default\">\n\t\t\t\t\t<h1 class=\"elementor-heading-title elementor-size-default\">HODEILUR<\/h1>\t\t\t\t<\/div>\n\t\t\t\t<div class=\"elementor-element elementor-element-dce66f3 elementor-widget elementor-widget-spacer\" data-id=\"dce66f3\" data-element_type=\"widget\" data-e-type=\"widget\" data-widget_type=\"spacer.default\">\n\t\t\t\t\t\t\t<div class=\"elementor-spacer\">\n\t\t\t<div class=\"elementor-spacer-inner\"><\/div>\n\t\t<\/div>\n\t\t\t\t\t\t<\/div>\n\t\t\t\t<div class=\"elementor-element elementor-element-b14460b elementor-widget elementor-widget-heading\" data-id=\"b14460b\" data-element_type=\"widget\" data-e-type=\"widget\" data-widget_type=\"heading.default\">\n\t\t\t\t\t<h2 class=\"elementor-heading-title elementor-size-default\">Notre \u00c9quipe<\/h2>\t\t\t\t<\/div>\n\t\t\t\t<div class=\"elementor-element elementor-element-8f75044 elementor-widget elementor-widget-heading\" data-id=\"8f75044\" data-element_type=\"widget\" data-e-type=\"widget\" data-widget_type=\"heading.default\">\n\t\t\t\t\t<h2 class=\"elementor-heading-title elementor-size-default\">Entre ciel, terre et mer<\/h2>\t\t\t\t<\/div>\n\t\t\t\t<div class=\"elementor-element elementor-element-ec2f9c2 elementor-widget elementor-widget-heading\" data-id=\"ec2f9c2\" data-element_type=\"widget\" data-e-type=\"widget\" data-widget_type=\"heading.default\">\n\t\t\t\t\t<h2 class=\"elementor-heading-title elementor-size-default\">Zeru, lur eta itsaso artean<\/h2>\t\t\t\t<\/div>\n\t\t\t\t\t<\/div>\n\t\t\t\t<\/div>\n\t\t\t\t\t<\/div>\n\t\t\t\t<\/div>\n\t\t\t\t<\/div>\n\t\t\t\t<\/div>\n\t\t<div class=\"elementor-element elementor-element-220bbbd e-con-full e-flex e-con e-parent\" data-id=\"220bbbd\" data-element_type=\"container\" data-e-type=\"container\">\n\t\t\t\t<div class=\"elementor-element elementor-element-bdd45da elementor-widget elementor-widget-spacer\" data-id=\"bdd45da\" data-element_type=\"widget\" data-e-type=\"widget\" data-widget_type=\"spacer.default\">\n\t\t\t\t\t\t\t<div class=\"elementor-spacer\">\n\t\t\t<div class=\"elementor-spacer-inner\"><\/div>\n\t\t<\/div>\n\t\t\t\t\t\t<\/div>\n\t\t\t\t<\/div>\n\t\t<div class=\"elementor-element elementor-element-dc7fa35 e-con-full e-flex e-con e-parent\" data-id=\"dc7fa35\" data-element_type=\"container\" data-e-type=\"container\">\n\t\t<div class=\"elementor-element elementor-element-e58ebaa e-flex e-con-boxed e-con e-child\" data-id=\"e58ebaa\" data-element_type=\"container\" data-e-type=\"container\">\n\t\t\t\t\t<div class=\"e-con-inner\">\n\t\t<div class=\"elementor-element elementor-element-2868460 e-flex e-con-boxed e-con e-child\" data-id=\"2868460\" data-element_type=\"container\" data-e-type=\"container\">\n\t\t\t\t\t<div class=\"e-con-inner\">\n\t\t\t\t<div class=\"elementor-element elementor-element-decdbf2 elementor-widget elementor-widget-heading\" data-id=\"decdbf2\" data-element_type=\"widget\" data-e-type=\"widget\" data-widget_type=\"heading.default\">\n\t\t\t\t\t<h2 class=\"elementor-heading-title elementor-size-default\">Notre histoire<\/h2>\t\t\t\t<\/div>\n\t\t\t\t<div class=\"elementor-element elementor-element-d87023b elementor-widget elementor-widget-text-editor\" data-id=\"d87023b\" data-element_type=\"widget\" data-e-type=\"widget\" data-widget_type=\"text-editor.default\">\n\t\t\t\t\t\t\t\t\t<p>Hodeilur : la mer, le ciel et la terre\u00a0<\/p><p><span style=\"font-weight: 400;\">Le Pays Basque a ses matins de p\u00eache \u00e0 Ciboure, ses montagnes qui tombent dans l&rsquo;oc\u00e9an, ses bergers qui remontent des estives avec le fromage encore frais. <\/span><\/p><p><span style=\"font-weight: 400;\">Il a aussi ses piments d&rsquo;Espelette s\u00e9ch\u00e9s au soleil de septembre, ses rivi\u00e8res \u00e0 truites, ses march\u00e9s o\u00f9 tout le monde se conna\u00eet.<\/span><\/p><p><span style=\"font-weight: 400;\">Hodeilur est n\u00e9 de cette g\u00e9ographie-l\u00e0. Ciel, terre, mer. Trois mots, trois territoires qui se croisent dans chaque assiette.<\/span><\/p><p>Inaki, Sarah, Michel et R\u00e9gis puisent leur inspiration dans le Pays Basque &#8211; ses producteurs, ses saisons, ses saveurs &#8211; pour composer une cuisine vivante et sinc\u00e8re.<\/p>\t\t\t\t\t\t\t\t<\/div>\n\t\t\t\t\t<\/div>\n\t\t\t\t<\/div>\n\t\t\t\t\t<\/div>\n\t\t\t\t<\/div>\n\t\t\t\t<\/div>\n\t\t<div class=\"elementor-element elementor-element-702e6a9 e-con-full e-flex e-con e-parent\" data-id=\"702e6a9\" data-element_type=\"container\" data-e-type=\"container\">\n\t\t\t\t<div class=\"elementor-element elementor-element-b164211 elementor-widget elementor-widget-spacer\" data-id=\"b164211\" data-element_type=\"widget\" data-e-type=\"widget\" data-widget_type=\"spacer.default\">\n\t\t\t\t\t\t\t<div class=\"elementor-spacer\">\n\t\t\t<div class=\"elementor-spacer-inner\"><\/div>\n\t\t<\/div>\n\t\t\t\t\t\t<\/div>\n\t\t\t\t<\/div>\n\t\t<div class=\"elementor-element elementor-element-e8d7b48 e-con-full e-flex e-con e-parent\" data-id=\"e8d7b48\" data-element_type=\"container\" data-e-type=\"container\">\n\t\t<div class=\"elementor-element elementor-element-268436e e-flex e-con-boxed e-con e-child\" data-id=\"268436e\" data-element_type=\"container\" data-e-type=\"container\">\n\t\t\t\t\t<div class=\"e-con-inner\">\n\t\t<div class=\"elementor-element elementor-element-e240beb e-flex e-con-boxed e-con e-child\" data-id=\"e240beb\" data-element_type=\"container\" data-e-type=\"container\">\n\t\t\t\t\t<div class=\"e-con-inner\">\n\t\t<div class=\"elementor-element elementor-element-608420a e-flex e-con-boxed e-con e-child\" data-id=\"608420a\" data-element_type=\"container\" data-e-type=\"container\">\n\t\t\t\t\t<div class=\"e-con-inner\">\n\t\t\t\t<div class=\"elementor-element elementor-element-455d011 elementor-widget elementor-widget-image\" data-id=\"455d011\" data-element_type=\"widget\" data-e-type=\"widget\" data-widget_type=\"image.default\">\n\t\t\t\t\t\t\t\t\t\t\t\t\t\t\t<img fetchpriority=\"high\" decoding=\"async\" width=\"540\" height=\"960\" src=\"https:\/\/damien-digital.fr\/_hodeilur\/wp-content\/uploads\/2026\/04\/Inaki-Irouleguy.webp\" class=\"attachment-large size-large wp-image-900\" alt=\"Portrait en noir et blanc d&#039;I\u00f1aki Iroul\u00e9guy, chef du restaurant Hodeilur \u00e0 Saint-Jean-de-Luz, regard intense en veste blanche\" srcset=\"https:\/\/damien-digital.fr\/_hodeilur\/wp-content\/uploads\/2026\/04\/Inaki-Irouleguy.webp 540w, https:\/\/damien-digital.fr\/_hodeilur\/wp-content\/uploads\/2026\/04\/Inaki-Irouleguy-169x300.webp 169w\" sizes=\"(max-width: 540px) 100vw, 540px\" \/>\t\t\t\t\t\t\t\t\t\t\t\t\t\t\t<\/div>\n\t\t\t\t<div class=\"elementor-element elementor-element-7011ba5 elementor-widget elementor-widget-heading\" data-id=\"7011ba5\" data-element_type=\"widget\" data-e-type=\"widget\" data-widget_type=\"heading.default\">\n\t\t\t\t\t<h2 class=\"elementor-heading-title elementor-size-default\">Inaki Iroul\u00e9guy<\/h2>\t\t\t\t<\/div>\n\t\t\t\t<div class=\"elementor-element elementor-element-c3ea589 elementor-widget elementor-widget-heading\" data-id=\"c3ea589\" data-element_type=\"widget\" data-e-type=\"widget\" data-widget_type=\"heading.default\">\n\t\t\t\t\t<h3 class=\"elementor-heading-title elementor-size-default\">Chef<\/h3>\t\t\t\t<\/div>\n\t\t\t\t<div class=\"elementor-element elementor-element-8206208 elementor-widget elementor-widget-text-editor\" data-id=\"8206208\" data-element_type=\"widget\" data-e-type=\"widget\" data-widget_type=\"text-editor.default\">\n\t\t\t\t\t\t\t\t\t<p><i><span style=\"font-weight: 400;\">\u00ab Cuisiner au Pays Basque, c&rsquo;est dialoguer avec un territoire. Chaque produit porte en lui une histoire, un paysage, une saison. Mon r\u00f4le, c&rsquo;est d&rsquo;en \u00eatre le passeur \u2014 fid\u00e8le \u00e0 l&rsquo;origine, libre dans l&rsquo;interpr\u00e9tation. La cuisine n&rsquo;est pas une reproduction : c&rsquo;est une conversation vivante entre le produit, le geste et celui qui mange. Ce que je cherche dans chaque assiette, c&rsquo;est ce moment de reconnaissance \u2014 quand le go\u00fbt dit quelque chose de vrai. \u00bb<\/span><\/i><\/p>\t\t\t\t\t\t\t\t<\/div>\n\t\t\t\t\t<\/div>\n\t\t\t\t<\/div>\n\t\t<div class=\"elementor-element elementor-element-e05dd04 e-con-full e-flex e-con e-child\" data-id=\"e05dd04\" data-element_type=\"container\" data-e-type=\"container\">\n\t\t\t\t<div class=\"elementor-element elementor-element-4307db5 elementor-widget elementor-widget-image\" data-id=\"4307db5\" data-element_type=\"widget\" data-e-type=\"widget\" data-widget_type=\"image.default\">\n\t\t\t\t\t\t\t\t\t\t\t\t\t\t\t<img decoding=\"async\" width=\"540\" height=\"960\" src=\"https:\/\/damien-digital.fr\/_hodeilur\/wp-content\/uploads\/2026\/04\/Sarah-Potter.webp\" class=\"attachment-large size-large wp-image-907\" alt=\"Portrait en noir et blanc de Sarah Potter, membre de l&#039;\u00e9quipe du restaurant Hodeilur \u00e0 Saint-Jean-de-Luz, regard tourn\u00e9 vers l&#039;horizon\" srcset=\"https:\/\/damien-digital.fr\/_hodeilur\/wp-content\/uploads\/2026\/04\/Sarah-Potter.webp 540w, https:\/\/damien-digital.fr\/_hodeilur\/wp-content\/uploads\/2026\/04\/Sarah-Potter-169x300.webp 169w\" sizes=\"(max-width: 540px) 100vw, 540px\" \/>\t\t\t\t\t\t\t\t\t\t\t\t\t\t\t<\/div>\n\t\t\t\t<div class=\"elementor-element elementor-element-9d556a7 elementor-widget elementor-widget-heading\" data-id=\"9d556a7\" data-element_type=\"widget\" data-e-type=\"widget\" data-widget_type=\"heading.default\">\n\t\t\t\t\t<h2 class=\"elementor-heading-title elementor-size-default\">Sarah P\u00f6tter<\/h2>\t\t\t\t<\/div>\n\t\t\t\t<div class=\"elementor-element elementor-element-b7a8e2c elementor-widget elementor-widget-heading\" data-id=\"b7a8e2c\" data-element_type=\"widget\" data-e-type=\"widget\" data-widget_type=\"heading.default\">\n\t\t\t\t\t<h3 class=\"elementor-heading-title elementor-size-default\">Manager Salle<\/h3>\t\t\t\t<\/div>\n\t\t\t\t<div class=\"elementor-element elementor-element-b163d2f elementor-widget elementor-widget-text-editor\" data-id=\"b163d2f\" data-element_type=\"widget\" data-e-type=\"widget\" data-widget_type=\"text-editor.default\">\n\t\t\t\t\t\t\t\t\t<p><i><span style=\"font-weight: 400;\">\u00ab J&rsquo;ai commenc\u00e9 ma carri\u00e8re en regardant les fa\u00e7ades des grands restaurants parisiens de l&rsquo;ext\u00e9rieur. Je comptais les \u00e9toiles sur les plaques. Je me disais : un jour. Ce jour est arriv\u00e9, j&rsquo;ai appris dans les meilleures maisons \u2014 et puis j&rsquo;ai tout plaqu\u00e9 pour rejoindre Inaki au Pays Basque. Parce que ce qu&rsquo;il construisait ici \u00e9tait plus int\u00e9ressant que ce que je voyais ailleurs. Un service de haut niveau ne signifie pas \u00eatre guind\u00e9. \u00c7a signifie \u00eatre pr\u00e9sent, pr\u00e9cis, et sinc\u00e8re. On connait nos clients. On anticipe. On adapte. Ce qu&rsquo;on construit avec Inaki, ce n&rsquo;est pas un repas \u2014 c&rsquo;est une soir\u00e9e dont on se souvient. Et \u00e7a, \u00e7a se joue \u00e0 la salle autant qu&rsquo;en cuisine. \u00bb<\/span><\/i><\/p>\t\t\t\t\t\t\t\t<\/div>\n\t\t\t\t<\/div>\n\t\t<div class=\"elementor-element elementor-element-1a939ec e-con-full e-flex e-con e-child\" data-id=\"1a939ec\" data-element_type=\"container\" data-e-type=\"container\">\n\t\t\t\t<div class=\"elementor-element elementor-element-08c30db elementor-widget elementor-widget-image\" data-id=\"08c30db\" data-element_type=\"widget\" data-e-type=\"widget\" data-widget_type=\"image.default\">\n\t\t\t\t\t\t\t\t\t\t\t\t\t\t\t<img decoding=\"async\" width=\"540\" height=\"960\" src=\"https:\/\/damien-digital.fr\/_hodeilur\/wp-content\/uploads\/2026\/04\/michel-ducas.webp\" class=\"attachment-large size-large wp-image-911\" alt=\"Portrait en noir et blanc de Michel Ducas, membre de l&#039;\u00e9quipe du restaurant Hodeilur \u00e0 Saint-Jean-de-Luz, sourire chaleureux\" srcset=\"https:\/\/damien-digital.fr\/_hodeilur\/wp-content\/uploads\/2026\/04\/michel-ducas.webp 540w, https:\/\/damien-digital.fr\/_hodeilur\/wp-content\/uploads\/2026\/04\/michel-ducas-169x300.webp 169w\" sizes=\"(max-width: 540px) 100vw, 540px\" \/>\t\t\t\t\t\t\t\t\t\t\t\t\t\t\t<\/div>\n\t\t\t\t<div class=\"elementor-element elementor-element-0030441 elementor-widget elementor-widget-heading\" data-id=\"0030441\" data-element_type=\"widget\" data-e-type=\"widget\" data-widget_type=\"heading.default\">\n\t\t\t\t\t<h2 class=\"elementor-heading-title elementor-size-default\">R\u00e9gis Poullard<\/h2>\t\t\t\t<\/div>\n\t\t\t\t<div class=\"elementor-element elementor-element-04d241e elementor-widget elementor-widget-heading\" data-id=\"04d241e\" data-element_type=\"widget\" data-e-type=\"widget\" data-widget_type=\"heading.default\">\n\t\t\t\t\t<h3 class=\"elementor-heading-title elementor-size-default\">Manager Poissonnerie<\/h3>\t\t\t\t<\/div>\n\t\t\t\t<div class=\"elementor-element elementor-element-d54d965 elementor-widget elementor-widget-text-editor\" data-id=\"d54d965\" data-element_type=\"widget\" data-e-type=\"widget\" data-widget_type=\"text-editor.default\">\n\t\t\t\t\t\t\t\t\t<p><i><span style=\"font-weight: 400;\">\u00ab Mon grand-p\u00e8re allait chercher le poisson sur le quai de Saint-Jean-de-Luz avant l&rsquo;aube. Mon p\u00e8re aussi. Moi aussi. Ce n&rsquo;est pas de la routine \u2014 c&rsquo;est un rituel. Une fa\u00e7on de dire que la qualit\u00e9, \u00e7a commence avant le coup de couteau. Ici, on ne travaille qu&rsquo;en poisson de ligne. Pas d&rsquo;\u00e9levage, jamais. Ce n&rsquo;est pas un argument marketing, c&rsquo;est une ligne rouge. Le maquereau p\u00each\u00e9 hier, le merlu sorti ce matin, le thon rouge de la c\u00f4te \u2014 ce sont eux qui dictent la carte, pas l&rsquo;inverse. L&rsquo;iode, la fra\u00eecheur, la texture \u2014 on ne triche pas avec \u00e7a. Et franchement, pourquoi le ferait-on ? \u00bb<\/span><\/i><\/p>\t\t\t\t\t\t\t\t<\/div>\n\t\t\t\t<\/div>\n\t\t<div class=\"elementor-element elementor-element-3592a40 e-con-full e-flex e-con e-child\" data-id=\"3592a40\" data-element_type=\"container\" data-e-type=\"container\">\n\t\t\t\t<div class=\"elementor-element elementor-element-6ef4da7 elementor-widget elementor-widget-image\" data-id=\"6ef4da7\" data-element_type=\"widget\" data-e-type=\"widget\" data-widget_type=\"image.default\">\n\t\t\t\t\t\t\t\t\t\t\t\t\t\t\t<img loading=\"lazy\" decoding=\"async\" width=\"540\" height=\"960\" src=\"https:\/\/damien-digital.fr\/_hodeilur\/wp-content\/uploads\/2026\/04\/regis-poullard.webp\" class=\"attachment-large size-large wp-image-912\" alt=\"Portrait en noir et blanc de R\u00e9gis Poullard, membre de l&#039;\u00e9quipe du restaurant Hodeilur \u00e0 Saint-Jean-de-Luz, regard direct et d\u00e9termin\u00e9\" srcset=\"https:\/\/damien-digital.fr\/_hodeilur\/wp-content\/uploads\/2026\/04\/regis-poullard.webp 540w, https:\/\/damien-digital.fr\/_hodeilur\/wp-content\/uploads\/2026\/04\/regis-poullard-169x300.webp 169w\" sizes=\"(max-width: 540px) 100vw, 540px\" \/>\t\t\t\t\t\t\t\t\t\t\t\t\t\t\t<\/div>\n\t\t\t\t<div class=\"elementor-element elementor-element-c2c5f72 elementor-widget elementor-widget-heading\" data-id=\"c2c5f72\" data-element_type=\"widget\" data-e-type=\"widget\" data-widget_type=\"heading.default\">\n\t\t\t\t\t<h2 class=\"elementor-heading-title elementor-size-default\">Michel Ducas<\/h2>\t\t\t\t<\/div>\n\t\t\t\t<div class=\"elementor-element elementor-element-40ad105 elementor-widget elementor-widget-heading\" data-id=\"40ad105\" data-element_type=\"widget\" data-e-type=\"widget\" data-widget_type=\"heading.default\">\n\t\t\t\t\t<h3 class=\"elementor-heading-title elementor-size-default\">Manager Boucherie<\/h3>\t\t\t\t<\/div>\n\t\t\t\t<div class=\"elementor-element elementor-element-0da784d elementor-widget elementor-widget-text-editor\" data-id=\"0da784d\" data-element_type=\"widget\" data-e-type=\"widget\" data-widget_type=\"text-editor.default\">\n\t\t\t\t\t\t\t\t\t<p><i><span style=\"font-weight: 400;\">\u00ab Boucher, c&rsquo;est un mot qui fait peur. A tort. Ce m\u00e9tier, c&rsquo;est d&rsquo;abord une relation \u2014 avec un \u00e9leveur, un animal, un territoire. Je me l\u00e8ve chaque matin avec une seule obsession : trouver mieux qu&rsquo;hier. Mieux \u00e9lev\u00e9, mieux nourri, mieux mature. On est trois ou quatre en France a encore acheter directement \u00e0 l&rsquo;\u00e9levage. Pas par nostalgie \u2014 par conviction. La viande qu&rsquo;on vous sert ici a eu une vie. Une vraie. \u00c7a change tout, dans l&rsquo;assiette comme dans la conscience. La charcuterie, on la fait maison. Les jambons, on les sale. Les terrines, on les monte. Parce que le savoir-faire ne se sous-traite pas. \u00bb<\/span><\/i><\/p><p>\u00a0<\/p>\t\t\t\t\t\t\t\t<\/div>\n\t\t\t\t<\/div>\n\t\t\t\t\t<\/div>\n\t\t\t\t<\/div>\n\t\t\t\t\t<\/div>\n\t\t\t\t<\/div>\n\t\t\t\t<\/div>\n\t\t<div class=\"elementor-element elementor-element-944f3fe e-con-full e-flex e-con e-parent\" data-id=\"944f3fe\" data-element_type=\"container\" data-e-type=\"container\">\n\t\t\t\t<div class=\"elementor-element elementor-element-e141350 elementor-widget elementor-widget-spacer\" data-id=\"e141350\" data-element_type=\"widget\" data-e-type=\"widget\" data-widget_type=\"spacer.default\">\n\t\t\t\t\t\t\t<div class=\"elementor-spacer\">\n\t\t\t<div class=\"elementor-spacer-inner\"><\/div>\n\t\t<\/div>\n\t\t\t\t\t\t<\/div>\n\t\t\t\t<\/div>\n\t\t<div class=\"elementor-element elementor-element-53e55e1 e-con-full e-flex e-con e-parent\" data-id=\"53e55e1\" data-element_type=\"container\" data-e-type=\"container\">\n\t\t<div class=\"elementor-element elementor-element-9fe6bc8 e-flex e-con-boxed e-con e-child\" data-id=\"9fe6bc8\" data-element_type=\"container\" data-e-type=\"container\">\n\t\t\t\t\t<div class=\"e-con-inner\">\n\t\t<div class=\"elementor-element elementor-element-98320fd e-flex e-con-boxed e-con e-child\" data-id=\"98320fd\" data-element_type=\"container\" data-e-type=\"container\">\n\t\t\t\t\t<div class=\"e-con-inner\">\n\t\t\t\t<div class=\"elementor-element elementor-element-c191100 elementor-widget elementor-widget-heading\" data-id=\"c191100\" data-element_type=\"widget\" data-e-type=\"widget\" data-widget_type=\"heading.default\">\n\t\t\t\t\t<h2 class=\"elementor-heading-title elementor-size-default\">CONTACTEZ NOTRE \u00c9QUIPE<\/h2>\t\t\t\t<\/div>\n\t\t\t\t\t<\/div>\n\t\t\t\t<\/div>\n\t\t<div class=\"elementor-element elementor-element-6601bec e-flex e-con-boxed e-con e-child\" data-id=\"6601bec\" data-element_type=\"container\" data-e-type=\"container\">\n\t\t\t\t\t<div class=\"e-con-inner\">\n\t\t\t\t<div class=\"elementor-element elementor-element-b31f001 elementor-widget elementor-widget-heading\" data-id=\"b31f001\" data-element_type=\"widget\" data-e-type=\"widget\" data-widget_type=\"heading.default\">\n\t\t\t\t\t<h2 class=\"elementor-heading-title elementor-size-default\">Vous avez du talent? <br>Rejoignez notre Maison!<\/h2>\t\t\t\t<\/div>\n\t\t\t\t\t<\/div>\n\t\t\t\t<\/div>\n\t\t<div class=\"elementor-element elementor-element-d9a5254 e-flex e-con-boxed e-con e-child\" data-id=\"d9a5254\" data-element_type=\"container\" data-e-type=\"container\">\n\t\t\t\t\t<div class=\"e-con-inner\">\n\t\t\t\t<div class=\"elementor-element elementor-element-d53c3ab elementor-align-center elementor-widget elementor-widget-button\" data-id=\"d53c3ab\" data-element_type=\"widget\" data-e-type=\"widget\" data-widget_type=\"button.default\">\n\t\t\t\t\t\t\t\t\t\t<a class=\"elementor-button elementor-button-link elementor-size-sm\" href=\"https:\/\/damien-digital.fr\/_hodeilur\/contact\/\">\n\t\t\t\t\t\t<span class=\"elementor-button-content-wrapper\">\n\t\t\t\t\t\t\t\t\t<span class=\"elementor-button-text\">contactez nous<\/span>\n\t\t\t\t\t<\/span>\n\t\t\t\t\t<\/a>\n\t\t\t\t\t\t\t\t<\/div>\n\t\t\t\t\t<\/div>\n\t\t\t\t<\/div>\n\t\t\t\t\t<\/div>\n\t\t\t\t<\/div>\n\t\t\t\t<\/div>\n\t\t<div class=\"elementor-element elementor-element-29bb242 e-con-full e-flex e-con e-parent\" data-id=\"29bb242\" data-element_type=\"container\" data-e-type=\"container\">\n\t\t\t\t<div class=\"elementor-element elementor-element-d8ec96c elementor-widget elementor-widget-spacer\" data-id=\"d8ec96c\" data-element_type=\"widget\" data-e-type=\"widget\" data-widget_type=\"spacer.default\">\n\t\t\t\t\t\t\t<div class=\"elementor-spacer\">\n\t\t\t<div class=\"elementor-spacer-inner\"><\/div>\n\t\t<\/div>\n\t\t\t\t\t\t<\/div>\n\t\t\t\t<\/div>\n\t\t\t\t<\/div>\n\t\t","protected":false},"excerpt":{"rendered":"<p>HODEILUR Notre \u00c9quipe Entre ciel, terre et mer Zeru, lur eta itsaso artean Notre histoire Hodeilur : la mer, le ciel et la terre\u00a0 Le Pays Basque a ses matins de p\u00eache \u00e0 Ciboure, ses montagnes qui tombent dans l&rsquo;oc\u00e9an, ses bergers qui remontent des estives avec le fromage encore frais. Il a aussi ses [&hellip;]<\/p>\n","protected":false},"author":2,"featured_media":0,"parent":0,"menu_order":0,"comment_status":"closed","ping_status":"closed","template":"","meta":{"footnotes":""},"class_list":["post-15","page","type-page","status-publish","hentry"],"_links":{"self":[{"href":"https:\/\/damien-digital.fr\/_hodeilur\/wp-json\/wp\/v2\/pages\/15","targetHints":{"allow":["GET"]}}],"collection":[{"href":"https:\/\/damien-digital.fr\/_hodeilur\/wp-json\/wp\/v2\/pages"}],"about":[{"href":"https:\/\/damien-digital.fr\/_hodeilur\/wp-json\/wp\/v2\/types\/page"}],"author":[{"embeddable":true,"href":"https:\/\/damien-digital.fr\/_hodeilur\/wp-json\/wp\/v2\/users\/2"}],"replies":[{"embeddable":true,"href":"https:\/\/damien-digital.fr\/_hodeilur\/wp-json\/wp\/v2\/comments?post=15"}],"version-history":[{"count":87,"href":"https:\/\/damien-digital.fr\/_hodeilur\/wp-json\/wp\/v2\/pages\/15\/revisions"}],"predecessor-version":[{"id":1066,"href":"https:\/\/damien-digital.fr\/_hodeilur\/wp-json\/wp\/v2\/pages\/15\/revisions\/1066"}],"wp:attachment":[{"href":"https:\/\/damien-digital.fr\/_hodeilur\/wp-json\/wp\/v2\/media?parent=15"}],"curies":[{"name":"wp","href":"https:\/\/api.w.org\/{rel}","templated":true}]}}